{"id":1086,"date":"2026-01-21T15:15:30","date_gmt":"2026-01-21T15:15:30","guid":{"rendered":"https:\/\/vr4tourism.footar.co\/?post_type=product&#038;p=1086"},"modified":"2026-01-29T17:46:28","modified_gmt":"2026-01-29T17:46:28","slug":"faja-dos-padres","status":"publish","type":"product","link":"https:\/\/vr4tourism.footar.co\/pt-pt\/loja\/faja-dos-padres\/","title":{"rendered":"Faj\u00e3 dos Padres"},"content":{"rendered":"<p>Resultou de um grande desprendimento rochoso, tipo \u201cavalanche\u201d, desde o topo de uma encosta, que ocorreu h\u00e1 cerca de 3.7 milh\u00f5es de anos, hoje, muito conhecida n\u00e3o s\u00f3 pela sua beleza, mas essencialmente pela sua hist\u00f3ria.<\/p>\n<p>Este local, de extraordin\u00e1ria beleza, apresenta particularidades, que o tornam uma verdadeira preciosidade, n\u00e3o s\u00f3 em termos regionais, como nacionais e internacionais.<\/p>\n<p>Caracter\u00edsticas \u00fanicas no que diz respeito, \u00e1 sua forma\u00e7\u00e3o geol\u00f3gica e f\u00edsica, paisag\u00edstica e clim\u00e1tica, passando pela sua localiza\u00e7\u00e3o administrativa e geogr\u00e1fica, pela sua hist\u00f3ria, pela excel\u00eancia da sua agricultura, pelo patrim\u00f3nio constru\u00eddo e arqueol\u00f3gico, pela relev\u00e2ncia e estatuto dos seus propriet\u00e1rios ao longo dos tempos e ainda pelas personalidades que por aqui passaram.<\/p>\n<p>A consci\u00eancia da import\u00e2ncia hist\u00f3rica da Faj\u00e3 dos Padres \u00e9 reconhecida, n\u00e3o s\u00f3 pela preserva\u00e7\u00e3o patrimonial, paisag\u00edstica e ambiental como tamb\u00e9m pela manuten\u00e7\u00e3o e preserva\u00e7\u00e3o de costumes e tradi\u00e7\u00f5es culturais tradicionais da ilha da Madeira, ligadas \u00e1 agricultura, pecu\u00e1ria e pesca, que do ponto de vista tur\u00edstico s\u00e3o de grande atratividade.<\/p>\n","protected":false},"excerpt":{"rendered":"<p>Resultou de um grande desprendimento rochoso, tipo \u201cavalanche\u201d, desde o topo de uma encosta, que ocorreu h\u00e1 cerca de 3.7 milh\u00f5es de anos, hoje, muito conhecida n\u00e3o s\u00f3 pela sua beleza, mas essencialmente pela sua hist\u00f3ria. Este local, de extraordin\u00e1ria beleza, apresenta particularidades, que o tornam uma verdadeira preciosidade, n\u00e3o s\u00f3 em termos regionais, como [&hellip;]<\/p>\n","protected":false},"featured_media":1087,"template":"","meta":{"_acf_changed":false},"product_brand":[],"product_cat":[43,15],"product_tag":[],"class_list":{"0":"post-1086","1":"product","2":"type-product","3":"status-publish","4":"has-post-thumbnail","6":"product_cat-nature","7":"product_cat-attractions","9":"first","10":"instock","11":"taxable","12":"shipping-taxable","13":"purchasable","14":"product-type-simple"},"acf":[],"_links":{"self":[{"href":"https:\/\/vr4tourism.footar.co\/pt-pt\/wp-json\/wp\/v2\/product\/1086","targetHints":{"allow":["GET"]}}],"collection":[{"href":"https:\/\/vr4tourism.footar.co\/pt-pt\/wp-json\/wp\/v2\/product"}],"about":[{"href":"https:\/\/vr4tourism.footar.co\/pt-pt\/wp-json\/wp\/v2\/types\/product"}],"wp:featuredmedia":[{"embeddable":true,"href":"https:\/\/vr4tourism.footar.co\/pt-pt\/wp-json\/wp\/v2\/media\/1087"}],"wp:attachment":[{"href":"https:\/\/vr4tourism.footar.co\/pt-pt\/wp-json\/wp\/v2\/media?parent=1086"}],"wp:term":[{"taxonomy":"product_brand","embeddable":true,"href":"https:\/\/vr4tourism.footar.co\/pt-pt\/wp-json\/wp\/v2\/product_brand?post=1086"},{"taxonomy":"product_cat","embeddable":true,"href":"https:\/\/vr4tourism.footar.co\/pt-pt\/wp-json\/wp\/v2\/product_cat?post=1086"},{"taxonomy":"product_tag","embeddable":true,"href":"https:\/\/vr4tourism.footar.co\/pt-pt\/wp-json\/wp\/v2\/product_tag?post=1086"}],"curies":[{"name":"wp","href":"https:\/\/api.w.org\/{rel}","templated":true}]}}